{"id":2481,"date":"2022-05-30T10:31:39","date_gmt":"2022-05-30T10:31:39","guid":{"rendered":"https:\/\/air-marine-int.com\/about-us\/"},"modified":"2025-10-09T14:13:06","modified_gmt":"2025-10-09T14:13:06","slug":"qui-som","status":"publish","type":"page","link":"https:\/\/air-marine-int.com\/ca\/qui-som\/","title":{"rendered":"QUI SOM"},"content":{"rendered":"\n<style type=\"text\/css\" data-created_by=\"avia_inline_auto\" id=\"style-css-av-662s7-62ea7c722201b3cafabfb0441f8771d8\">\n.avia-section.av-662s7-62ea7c722201b3cafabfb0441f8771d8{\nmargin-top:0px;\nmargin-bottom:-10px;\n}\n<\/style>\n<div id='av_section_1'  class='avia-section av-662s7-62ea7c722201b3cafabfb0441f8771d8 main_color avia-section-default avia-no-border-styling  avia-builder-el-0  el_before_av_layout_row  avia-builder-el-first  avia-bg-style-scroll container_wrap fullsize'  ><div class='container av-section-cont-open' ><main  role=\"main\" itemprop=\"mainContentOfPage\"  class='template-page content  av-content-full alpha units'><div class='post-entry post-entry-type-page post-entry-2481'><div class='entry-content-wrapper clearfix'>\n<div  class='flex_column av-2i9vj-d1b41affed2aaa006641952995afb947 av_one_full  avia-builder-el-1  avia-builder-el-no-sibling  first flex_column_div  '     ><style type=\"text\/css\" data-created_by=\"avia_inline_auto\" id=\"style-css-av-l46rajvq-df47d06810e1385ff49cab269c39fd12\">\n#top .av_textblock_section.av-l46rajvq-df47d06810e1385ff49cab269c39fd12 .avia_textblock{\ncolor:#5cc1b9;\n}\n<\/style>\n<section  class='av_textblock_section av-l46rajvq-df47d06810e1385ff49cab269c39fd12 '   itemscope=\"itemscope\" itemtype=\"https:\/\/schema.org\/CreativeWork\" ><div class='avia_textblock av_inherit_color'  itemprop=\"text\" ><h1 style=\"text-align: center;\">AEROMEDICAL AND MARINE TRI I RESCAT INTERNACIONAL S.L.<\/h1>\n<\/div><\/section><br \/>\n\n<style type=\"text\/css\" data-created_by=\"avia_inline_auto\" id=\"style-css-av-l4ckanxu-36d35922f3e6b8690f73b2d6919394ea\">\n#top .hr.hr-invisible.av-l4ckanxu-36d35922f3e6b8690f73b2d6919394ea{\nheight:20px;\n}\n<\/style>\n<div  class='hr av-l4ckanxu-36d35922f3e6b8690f73b2d6919394ea hr-invisible  avia-builder-el-3  el_after_av_textblock  el_before_av_textblock '><span class='hr-inner '><span class=\"hr-inner-style\"><\/span><\/span><\/div><br \/>\n<section  class='av_textblock_section av-l4ck9hf2-2d8f399f77c0f223ccd100c2f0b6a8cd '   itemscope=\"itemscope\" itemtype=\"https:\/\/schema.org\/CreativeWork\" ><div class='avia_textblock'  itemprop=\"text\" ><h3 style=\"text-align: left;\"><strong style=\"font-size: 18px; color: #191970;\">Des de fa m\u00e9s de 20 anys, la Dra. Fortea \u00e9s metge cirurgiana especialista en ortop\u00e8dia i traumatologia. Va estudiar a la Universitat Aut\u00f2noma de Barcelona i a la universitat de medicina i biomedicina als Pa\u00efsos Baixos. Parla vuit idiomes i tamb\u00e9 \u00e9s la responsable del departament de medicina internacional de l&#8217;hospital universitari general de Catalunya a Barcelona.<\/strong><\/h3>\n<\/div><\/section><\/p><\/div>\n\n<\/div><\/div><\/main><!-- close content main element --><\/div><\/div><div id='av-layout-grid-1'  class='av-layout-grid-container av-mgjhvkcb-7166a9235931f2f0c29a05caba1ec639 entry-content-wrapper main_color av-flex-cells  avia-builder-el-5  el_after_av_section  el_before_av_layout_row  grid-row-not-first av-small-hide av-mini-hide container_wrap fullsize'  >\n<div class='flex_cell av-av_cell_one_third-9049ca77cd381b8eb45853defb5676d4 av-gridrow-cell av_one_third no_margin  avia-builder-el-6  el_before_av_cell_two_third  avia-builder-el-first '  ><div class='flex_cell_inner'>\n<style type=\"text\/css\" data-created_by=\"avia_inline_auto\" id=\"style-css-av-mgjheqwu-c895eab6cb1922109dfa01d6a566b84c\">\n.avia-image-container.av-mgjheqwu-c895eab6cb1922109dfa01d6a566b84c img.avia_image{\nbox-shadow:none;\n}\n.avia-image-container.av-mgjheqwu-c895eab6cb1922109dfa01d6a566b84c .av-image-caption-overlay-center{\ncolor:#ffffff;\n}\n<\/style>\n<div  class='avia-image-container av-mgjheqwu-c895eab6cb1922109dfa01d6a566b84c av-styling- avia-align-center  avia-builder-el-7  avia-builder-el-no-sibling '   itemprop=\"image\" itemscope=\"itemscope\" itemtype=\"https:\/\/schema.org\/ImageObject\" ><div class=\"avia-image-container-inner\"><div class=\"avia-image-overlay-wrap\"><img decoding=\"async\" fetchpriority=\"high\" class='wp-image-3293 avia-img-lazy-loading-not-3293 avia_image ' src=\"https:\/\/air-marine-int.com\/wp-content\/uploads\/2025\/10\/IMG-20250910-WA0069.jpg\" alt='' title='IMG-20250910-WA0069'  height=\"1600\" width=\"1200\"  itemprop=\"thumbnailUrl\" srcset=\"https:\/\/air-marine-int.com\/wp-content\/uploads\/2025\/10\/IMG-20250910-WA0069.jpg 1200w, https:\/\/air-marine-int.com\/wp-content\/uploads\/2025\/10\/IMG-20250910-WA0069-225x300.jpg 225w, https:\/\/air-marine-int.com\/wp-content\/uploads\/2025\/10\/IMG-20250910-WA0069-773x1030.jpg 773w, https:\/\/air-marine-int.com\/wp-content\/uploads\/2025\/10\/IMG-20250910-WA0069-768x1024.jpg 768w, https:\/\/air-marine-int.com\/wp-content\/uploads\/2025\/10\/IMG-20250910-WA0069-1152x1536.jpg 1152w, https:\/\/air-marine-int.com\/wp-content\/uploads\/2025\/10\/IMG-20250910-WA0069-1125x1500.jpg 1125w, https:\/\/air-marine-int.com\/wp-content\/uploads\/2025\/10\/IMG-20250910-WA0069-529x705.jpg 529w\" sizes=\"(max-width: 1200px) 100vw, 1200px\" \/><\/div><\/div><\/div>\n<\/div><\/div><div class='flex_cell av-av_cell_two_third-9049ca77cd381b8eb45853defb5676d4 av-gridrow-cell av_two_third no_margin  avia-builder-el-8  el_after_av_cell_one_third  avia-builder-el-last '  ><div class='flex_cell_inner'>\n<style type=\"text\/css\" data-created_by=\"avia_inline_auto\" id=\"style-css-av-mgjf9ra0-7aefea383daeef5ade6b9d6579596491\">\n#top .av_textblock_section.av-mgjf9ra0-7aefea383daeef5ade6b9d6579596491 .avia_textblock{\ncolumn-count:2;\ncolumn-gap:30pt;\n}\n<\/style>\n<section  class='av_textblock_section av-mgjf9ra0-7aefea383daeef5ade6b9d6579596491 '   itemscope=\"itemscope\" itemtype=\"https:\/\/schema.org\/CreativeWork\" ><div class='avia_textblock av_multi_colums'  itemprop=\"text\" ><p style=\"text-align: left;\">La passi\u00f3 de la Dra. Fortea per la gesti\u00f3 de les v\u00edctimes de traumatologia tamb\u00e9 l&#8217;ha fet treballar per als serveis d&#8217;emerg\u00e8ncia d&#8217;helic\u00f2pters primaris espanyols (HEMS) i com a metge de vol per a missions de transport de pacients amb ambul\u00e0ncies a\u00e8ries d&#8217;ala fixa de llarga dist\u00e0ncia i avions comercials durant les dues \u00faltimes d\u00e8cades. Tamb\u00e9 t\u00e9 una \u00e0mplia experi\u00e8ncia en la coordinaci\u00f3, gesti\u00f3 i tractament de casos de trasllats, recuperacions i repatriacions de pacients, alhora que assessora diverses asseguradores m\u00e8diques i organitzacions d&#8217;assist\u00e8ncia m\u00e8dica importants.<\/p>\n<blockquote>\n<p style=\"text-align: left;\"><strong style=\"font-weight: 600;\">El seu entusiasme per ajudar les persones d&#8217;arreu del m\u00f3n, per traslladar-los fins a casa de manera segura, eficient i amb una alta qualitat en l&#8217;atenci\u00f3 m\u00e8dica, forma part de l&#8217;enfocament hol\u00edstic de la Dra. Fortea per a l&#8217;atenci\u00f3 dels seus pacients.<\/strong><\/p>\n<\/blockquote>\n<p style=\"text-align: left;\">La Dra. Fortea tamb\u00e9 \u00e9s la directora d&#8217;una Organitzaci\u00f3 que s&#8217;encarrega del benestar dels mariners que es troben ferits o malalts durant els viatges per Europa, a moltes milles de casa. A m\u00e9s, \u00e9s professora i instructora dels serveis HEMS a Espanya i de la doc\u00e8ncia internacional. T\u00e9 l&#8217;energia per ensenyar i transmetre els seus coneixements i la seva \u00e0mplia experi\u00e8ncia a les noves generacions de metges i infermeres aerom\u00e8dics.<\/p>\n<p style=\"text-align: left;\">La Dra. Fortea \u00e9s consultora ortop\u00e8dica i cirurgiana especialista en traumatologia amb m\u00e9s de 20 anys d\u2019experi\u00e8ncia. Va completar la llicenciatura de Medicina a la Universitat Aut\u00f2noma de Barcelona i la carrera de Biomedicina a la Leiden Universitat dels Pa\u00efsos Baixos. Parla vuit idiomes i tamb\u00e9 \u00e9s la directora M\u00e8dica del Departament Internacional de l&#8217;Hospital Universitari General de Catalunya de Barcelona.<\/p>\n<p style=\"text-align: left;\">La passi\u00f3 de la Dra. Fortea pels pacients de traumatologia la va portar a treballar com a metge de vol amb els Serveis M\u00e8dics d&#8217;Emerg\u00e8ncia d&#8217;Helic\u00f2pters espanyols (HEMS) i a realitzar repatriacions m\u00e8diques en ambul\u00e0ncies a\u00e8ries d&#8217;ala fixa i avions comercials tant a Espanya com a tot el m\u00f3n durant les \u00faltimes dues d\u00e8cades.<\/p>\n<blockquote>\n<p style=\"text-align: left;\"><strong>Tamb\u00e9 t\u00e9 una \u00e0mplia experi\u00e8ncia en la coordinaci\u00f3, gesti\u00f3 i tractament de casos de trasllats, recuperacions i repatriacions de pacients, alhora que assessora diverses assegurances m\u00e8diques importants i organitzacions d&#8217;assist\u00e8ncia m\u00e8dica. <\/strong><\/p>\n<\/blockquote>\n<p style=\"text-align: left;\">El seu entusiasme per ajudar a persones d&#8217;arreu del m\u00f3n, transferir-les de manera segura i eficient al nivell d&#8217;atenci\u00f3 m\u00e9s adequat o portar-les a casa, forma part del seu enfocament hol\u00edstic de l&#8217;atenci\u00f3 del seu pacient. (Una altra faceta \u00e9s la seva experi\u00e8ncia en el tema de la nutrici\u00f3).<\/p>\n<p style=\"text-align: left;\">Tamb\u00e9 \u00e9s la directora d&#8217;una organitzaci\u00f3 que t\u00e9 cura del benestar de la gent de mar que es lesiona o es posen malalts durant els seus llargs viatges a Europa, on es troben a quil\u00f2metres de casa. A m\u00e9s a m\u00e9s, \u00e9s professora i instructora dels serveis HEMS a Espanya i doc\u00e8ncia internacional. La seva passi\u00f3 per la professi\u00f3 es palpa clarament en l&#8217;entusiasme que mostra mentre ensenya a les noves generacions de metges i infermeres aerom\u00e8diques.<\/p>\n<\/div><\/section>\n<\/div><\/div>\n<\/div>\n<div id='av-layout-grid-2'  class='av-layout-grid-container av-mgjhz8pk-7e67a04e35303302033dbb224581f8c5 entry-content-wrapper main_color av-flex-cells  avia-builder-el-10  el_after_av_layout_row  el_before_av_layout_row  grid-row-not-first av-desktop-hide av-medium-hide container_wrap fullsize'  >\n\n<style type=\"text\/css\" data-created_by=\"avia_inline_auto\" id=\"style-css-av-av_cell_one_third-7b2dfb209afb870a55451575d23bd5b9\">\n.flex_cell.av-av_cell_one_third-7b2dfb209afb870a55451575d23bd5b9{\nvertical-align:top;\n}\n<\/style>\n<div class='flex_cell av-av_cell_one_third-7b2dfb209afb870a55451575d23bd5b9 av-gridrow-cell av_one_third no_margin  avia-builder-el-11  el_before_av_cell_two_third  avia-builder-el-first  content-align-top'  ><div class='flex_cell_inner'>\n<style type=\"text\/css\" data-created_by=\"avia_inline_auto\" id=\"style-css-av-av_image-4e4e8142e60889da48c302a22d648bab\">\n.avia-image-container.av-av_image-4e4e8142e60889da48c302a22d648bab img.avia_image{\nbox-shadow:none;\n}\n.avia-image-container.av-av_image-4e4e8142e60889da48c302a22d648bab .av-image-caption-overlay-center{\ncolor:#ffffff;\n}\n<\/style>\n<div  class='avia-image-container av-av_image-4e4e8142e60889da48c302a22d648bab av-styling- avia-align-center  avia-builder-el-12  avia-builder-el-no-sibling '   itemprop=\"image\" itemscope=\"itemscope\" itemtype=\"https:\/\/schema.org\/ImageObject\" ><div class=\"avia-image-container-inner\"><div class=\"avia-image-overlay-wrap\"><img decoding=\"async\" fetchpriority=\"high\" class='wp-image-3293 avia-img-lazy-loading-not-3293 avia_image ' src=\"https:\/\/air-marine-int.com\/wp-content\/uploads\/2025\/10\/IMG-20250910-WA0069.jpg\" alt='' title='IMG-20250910-WA0069'  height=\"1600\" width=\"1200\"  itemprop=\"thumbnailUrl\" srcset=\"https:\/\/air-marine-int.com\/wp-content\/uploads\/2025\/10\/IMG-20250910-WA0069.jpg 1200w, https:\/\/air-marine-int.com\/wp-content\/uploads\/2025\/10\/IMG-20250910-WA0069-225x300.jpg 225w, https:\/\/air-marine-int.com\/wp-content\/uploads\/2025\/10\/IMG-20250910-WA0069-773x1030.jpg 773w, https:\/\/air-marine-int.com\/wp-content\/uploads\/2025\/10\/IMG-20250910-WA0069-768x1024.jpg 768w, https:\/\/air-marine-int.com\/wp-content\/uploads\/2025\/10\/IMG-20250910-WA0069-1152x1536.jpg 1152w, https:\/\/air-marine-int.com\/wp-content\/uploads\/2025\/10\/IMG-20250910-WA0069-1125x1500.jpg 1125w, https:\/\/air-marine-int.com\/wp-content\/uploads\/2025\/10\/IMG-20250910-WA0069-529x705.jpg 529w\" sizes=\"(max-width: 1200px) 100vw, 1200px\" \/><\/div><\/div><\/div>\n<\/div><\/div>\n<style type=\"text\/css\" data-created_by=\"avia_inline_auto\" id=\"style-css-av-av_cell_two_third-7b2dfb209afb870a55451575d23bd5b9\">\n.flex_cell.av-av_cell_two_third-7b2dfb209afb870a55451575d23bd5b9{\nvertical-align:top;\n}\n<\/style>\n<div class='flex_cell av-av_cell_two_third-7b2dfb209afb870a55451575d23bd5b9 av-gridrow-cell av_two_third no_margin  avia-builder-el-13  el_after_av_cell_one_third  avia-builder-el-last  content-align-top'  ><div class='flex_cell_inner'><section  class='av_textblock_section av-mgjhz41m-24b0b4d6653d9debe54857da138f1deb '   itemscope=\"itemscope\" itemtype=\"https:\/\/schema.org\/CreativeWork\" ><div class='avia_textblock'  itemprop=\"text\" ><p style=\"text-align: left;\">La passi\u00f3 de la Dra. Fortea per la gesti\u00f3 de les v\u00edctimes de traumatologia tamb\u00e9 l&#8217;ha fet treballar per als serveis d&#8217;emerg\u00e8ncia d&#8217;helic\u00f2pters primaris espanyols (HEMS) i com a metge de vol per a missions de transport de pacients amb ambul\u00e0ncies a\u00e8ries d&#8217;ala fixa de llarga dist\u00e0ncia i avions comercials durant les dues \u00faltimes d\u00e8cades. Tamb\u00e9 t\u00e9 una \u00e0mplia experi\u00e8ncia en la coordinaci\u00f3, gesti\u00f3 i tractament de casos de trasllats, recuperacions i repatriacions de pacients, alhora que assessora diverses asseguradores m\u00e8diques i organitzacions d&#8217;assist\u00e8ncia m\u00e8dica importants.<\/p>\n<blockquote>\n<p style=\"text-align: left;\"><strong style=\"font-weight: 600;\">El seu entusiasme per ajudar les persones d&#8217;arreu del m\u00f3n, per traslladar-los fins a casa de manera segura, eficient i amb una alta qualitat en l&#8217;atenci\u00f3 m\u00e8dica, forma part de l&#8217;enfocament hol\u00edstic de la Dra. Fortea per a l&#8217;atenci\u00f3 dels seus pacients.<\/strong><\/p>\n<\/blockquote>\n<p style=\"text-align: left;\">La Dra. Fortea tamb\u00e9 \u00e9s la directora d&#8217;una Organitzaci\u00f3 que s&#8217;encarrega del benestar dels mariners que es troben ferits o malalts durant els viatges per Europa, a moltes milles de casa. A m\u00e9s, \u00e9s professora i instructora dels serveis HEMS a Espanya i de la doc\u00e8ncia internacional. T\u00e9 l&#8217;energia per ensenyar i transmetre els seus coneixements i la seva \u00e0mplia experi\u00e8ncia a les noves generacions de metges i infermeres aerom\u00e8dics.<\/p>\n<p style=\"text-align: left;\">La Dra. Fortea \u00e9s consultora ortop\u00e8dica i cirurgiana especialista en traumatologia amb m\u00e9s de 20 anys d\u2019experi\u00e8ncia. Va completar la llicenciatura de Medicina a la Universitat Aut\u00f2noma de Barcelona i la carrera de Biomedicina a la Leiden Universitat dels Pa\u00efsos Baixos. Parla vuit idiomes i tamb\u00e9 \u00e9s la directora M\u00e8dica del Departament Internacional de l&#8217;Hospital Universitari General de Catalunya de Barcelona.<\/p>\n<p style=\"text-align: left;\">La passi\u00f3 de la Dra. Fortea pels pacients de traumatologia la va portar a treballar com a metge de vol amb els Serveis M\u00e8dics d&#8217;Emerg\u00e8ncia d&#8217;Helic\u00f2pters espanyols (HEMS) i a realitzar repatriacions m\u00e8diques en ambul\u00e0ncies a\u00e8ries d&#8217;ala fixa i avions comercials tant a Espanya com a tot el m\u00f3n durant les \u00faltimes dues d\u00e8cades.<\/p>\n<blockquote>\n<p style=\"text-align: left;\"><strong>Tamb\u00e9 t\u00e9 una \u00e0mplia experi\u00e8ncia en la coordinaci\u00f3, gesti\u00f3 i tractament de casos de trasllats, recuperacions i repatriacions de pacients, alhora que assessora diverses assegurances m\u00e8diques importants i organitzacions d&#8217;assist\u00e8ncia m\u00e8dica. <\/strong><\/p>\n<\/blockquote>\n<p style=\"text-align: left;\">El seu entusiasme per ajudar a persones d&#8217;arreu del m\u00f3n, transferir-les de manera segura i eficient al nivell d&#8217;atenci\u00f3 m\u00e9s adequat o portar-les a casa, forma part del seu enfocament hol\u00edstic de l&#8217;atenci\u00f3 del seu pacient. (Una altra faceta \u00e9s la seva experi\u00e8ncia en el tema de la nutrici\u00f3).<\/p>\n<p style=\"text-align: left;\">Tamb\u00e9 \u00e9s la directora d&#8217;una organitzaci\u00f3 que t\u00e9 cura del benestar de la gent de mar que es lesiona o es posen malalts durant els seus llargs viatges a Europa, on es troben a quil\u00f2metres de casa. A m\u00e9s a m\u00e9s, \u00e9s professora i instructora dels serveis HEMS a Espanya i doc\u00e8ncia internacional. La seva passi\u00f3 per la professi\u00f3 es palpa clarament en l&#8217;entusiasme que mostra mentre ensenya a les noves generacions de metges i infermeres aerom\u00e8diques.<\/p>\n<\/div><\/section>\n<\/div><\/div><\/div><div id='av-layout-grid-3'  class='av-layout-grid-container av-av_layout_row-c44cf798658cb0f53c0de6369081d089 entry-content-wrapper main_color av-flex-cells  avia-builder-el-15  el_after_av_layout_row  avia-builder-el-last  grid-row-not-first  container_wrap fullsize'  >\n\n<style type=\"text\/css\" data-created_by=\"avia_inline_auto\" id=\"style-css-av-mgjgf3z6-a0344660b9efebe039c700e40012eb3b\">\n.flex_cell.av-mgjgf3z6-a0344660b9efebe039c700e40012eb3b{\nvertical-align:top;\n}\n.responsive #top #wrap_all .flex_cell.av-mgjgf3z6-a0344660b9efebe039c700e40012eb3b{\npadding:0px 0px 0px 0px !important;\n}\n<\/style>\n<div class='flex_cell av-mgjgf3z6-a0344660b9efebe039c700e40012eb3b av-gridrow-cell av_one_third no_margin  avia-builder-el-16  el_before_av_cell_one_third  avia-builder-el-first  content-align-top av-zero-padding'  ><div class='flex_cell_inner'>\n<style type=\"text\/css\" data-created_by=\"avia_inline_auto\" id=\"style-css-av-av_image-7e560a6f9c7074045d809b306996bfcb\">\n.avia-image-container.av-av_image-7e560a6f9c7074045d809b306996bfcb img.avia_image{\nbox-shadow:none;\n}\n.avia-image-container.av-av_image-7e560a6f9c7074045d809b306996bfcb .av-image-caption-overlay-center{\ncolor:#ffffff;\n}\n<\/style>\n<div  class='avia-image-container av-av_image-7e560a6f9c7074045d809b306996bfcb av-styling- avia-align-center  avia-builder-el-17  avia-builder-el-no-sibling '   itemprop=\"image\" itemscope=\"itemscope\" itemtype=\"https:\/\/schema.org\/ImageObject\" ><div class=\"avia-image-container-inner\"><div class=\"avia-image-overlay-wrap\"><img decoding=\"async\" fetchpriority=\"high\" class='wp-image-3282 avia-img-lazy-loading-not-3282 avia_image ' src=\"https:\/\/air-marine-int.com\/wp-content\/uploads\/2025\/10\/FotoMonica-1-AirMarine.jpg\" alt='' title='FotoMo\u0300nica-1-AirMarine'  height=\"800\" width=\"800\"  itemprop=\"thumbnailUrl\" srcset=\"https:\/\/air-marine-int.com\/wp-content\/uploads\/2025\/10\/FotoMonica-1-AirMarine.jpg 800w, https:\/\/air-marine-int.com\/wp-content\/uploads\/2025\/10\/FotoMonica-1-AirMarine-300x300.jpg 300w, https:\/\/air-marine-int.com\/wp-content\/uploads\/2025\/10\/FotoMonica-1-AirMarine-80x80.jpg 80w, https:\/\/air-marine-int.com\/wp-content\/uploads\/2025\/10\/FotoMonica-1-AirMarine-768x768.jpg 768w, https:\/\/air-marine-int.com\/wp-content\/uploads\/2025\/10\/FotoMonica-1-AirMarine-36x36.jpg 36w, https:\/\/air-marine-int.com\/wp-content\/uploads\/2025\/10\/FotoMonica-1-AirMarine-180x180.jpg 180w, https:\/\/air-marine-int.com\/wp-content\/uploads\/2025\/10\/FotoMonica-1-AirMarine-705x705.jpg 705w\" sizes=\"(max-width: 800px) 100vw, 800px\" \/><\/div><\/div><\/div>\n<\/div><\/div>\n<style type=\"text\/css\" data-created_by=\"avia_inline_auto\" id=\"style-css-av-av_cell_one_third-cc5af910ffbf0c10b210009341ee6bd0\">\n.flex_cell.av-av_cell_one_third-cc5af910ffbf0c10b210009341ee6bd0{\nvertical-align:top;\n}\n.responsive #top #wrap_all .flex_cell.av-av_cell_one_third-cc5af910ffbf0c10b210009341ee6bd0{\npadding:0px 0px 0px 0px !important;\n}\n<\/style>\n<div class='flex_cell av-av_cell_one_third-cc5af910ffbf0c10b210009341ee6bd0 av-gridrow-cell av_one_third no_margin  avia-builder-el-18  el_after_av_cell_one_third  el_before_av_cell_one_third  content-align-top av-zero-padding'  ><div class='flex_cell_inner'>\n<style type=\"text\/css\" data-created_by=\"avia_inline_auto\" id=\"style-css-av-mgjgl99p-e66446d4752d6c879cf918ea495cbdd3\">\n.avia-image-container.av-mgjgl99p-e66446d4752d6c879cf918ea495cbdd3 img.avia_image{\nbox-shadow:none;\n}\n.avia-image-container.av-mgjgl99p-e66446d4752d6c879cf918ea495cbdd3 .av-image-caption-overlay-center{\ncolor:#ffffff;\n}\n<\/style>\n<div  class='avia-image-container av-mgjgl99p-e66446d4752d6c879cf918ea495cbdd3 av-styling- avia-align-center  avia-builder-el-19  avia-builder-el-no-sibling '   itemprop=\"image\" itemscope=\"itemscope\" itemtype=\"https:\/\/schema.org\/ImageObject\" ><div class=\"avia-image-container-inner\"><div class=\"avia-image-overlay-wrap\"><img decoding=\"async\" fetchpriority=\"high\" class='wp-image-3285 avia-img-lazy-loading-not-3285 avia_image ' src=\"https:\/\/air-marine-int.com\/wp-content\/uploads\/2025\/10\/FotoMonica-2-AirMarine.jpg\" alt='' title='FotoMo\u0300nica-2-AirMarine'  height=\"800\" width=\"800\"  itemprop=\"thumbnailUrl\" srcset=\"https:\/\/air-marine-int.com\/wp-content\/uploads\/2025\/10\/FotoMonica-2-AirMarine.jpg 800w, https:\/\/air-marine-int.com\/wp-content\/uploads\/2025\/10\/FotoMonica-2-AirMarine-300x300.jpg 300w, https:\/\/air-marine-int.com\/wp-content\/uploads\/2025\/10\/FotoMonica-2-AirMarine-80x80.jpg 80w, https:\/\/air-marine-int.com\/wp-content\/uploads\/2025\/10\/FotoMonica-2-AirMarine-768x768.jpg 768w, https:\/\/air-marine-int.com\/wp-content\/uploads\/2025\/10\/FotoMonica-2-AirMarine-36x36.jpg 36w, https:\/\/air-marine-int.com\/wp-content\/uploads\/2025\/10\/FotoMonica-2-AirMarine-180x180.jpg 180w, https:\/\/air-marine-int.com\/wp-content\/uploads\/2025\/10\/FotoMonica-2-AirMarine-705x705.jpg 705w\" sizes=\"(max-width: 800px) 100vw, 800px\" \/><\/div><\/div><\/div>\n<\/div><\/div>\n<style type=\"text\/css\" data-created_by=\"avia_inline_auto\" id=\"style-css-av-av_cell_one_third-cc5af910ffbf0c10b210009341ee6bd0\">\n.flex_cell.av-av_cell_one_third-cc5af910ffbf0c10b210009341ee6bd0{\nvertical-align:top;\n}\n.responsive #top #wrap_all .flex_cell.av-av_cell_one_third-cc5af910ffbf0c10b210009341ee6bd0{\npadding:0px 0px 0px 0px !important;\n}\n<\/style>\n<div class='flex_cell av-av_cell_one_third-cc5af910ffbf0c10b210009341ee6bd0 av-gridrow-cell av_one_third no_margin  avia-builder-el-20  el_after_av_cell_one_third  avia-builder-el-last  content-align-top av-zero-padding'  ><div class='flex_cell_inner'>\n<style type=\"text\/css\" data-created_by=\"avia_inline_auto\" id=\"style-css-av-mgjgloet-84d812c58f12fb18fbbfff1a908de186\">\n.avia-image-container.av-mgjgloet-84d812c58f12fb18fbbfff1a908de186 img.avia_image{\nbox-shadow:none;\n}\n.avia-image-container.av-mgjgloet-84d812c58f12fb18fbbfff1a908de186 .av-image-caption-overlay-center{\ncolor:#ffffff;\n}\n<\/style>\n<div  class='avia-image-container av-mgjgloet-84d812c58f12fb18fbbfff1a908de186 av-styling- avia-align-center  avia-builder-el-21  avia-builder-el-no-sibling '   itemprop=\"image\" itemscope=\"itemscope\" itemtype=\"https:\/\/schema.org\/ImageObject\" ><div class=\"avia-image-container-inner\"><div class=\"avia-image-overlay-wrap\"><img decoding=\"async\" fetchpriority=\"high\" class='wp-image-3288 avia-img-lazy-loading-not-3288 avia_image ' src=\"https:\/\/air-marine-int.com\/wp-content\/uploads\/2025\/10\/FotoMonica-3-AirMarine.jpg\" alt='' title='FotoMo\u0300nica-3-AirMarine'  height=\"800\" width=\"800\"  itemprop=\"thumbnailUrl\" srcset=\"https:\/\/air-marine-int.com\/wp-content\/uploads\/2025\/10\/FotoMonica-3-AirMarine.jpg 800w, https:\/\/air-marine-int.com\/wp-content\/uploads\/2025\/10\/FotoMonica-3-AirMarine-300x300.jpg 300w, https:\/\/air-marine-int.com\/wp-content\/uploads\/2025\/10\/FotoMonica-3-AirMarine-80x80.jpg 80w, https:\/\/air-marine-int.com\/wp-content\/uploads\/2025\/10\/FotoMonica-3-AirMarine-768x768.jpg 768w, https:\/\/air-marine-int.com\/wp-content\/uploads\/2025\/10\/FotoMonica-3-AirMarine-36x36.jpg 36w, https:\/\/air-marine-int.com\/wp-content\/uploads\/2025\/10\/FotoMonica-3-AirMarine-180x180.jpg 180w, https:\/\/air-marine-int.com\/wp-content\/uploads\/2025\/10\/FotoMonica-3-AirMarine-705x705.jpg 705w\" sizes=\"(max-width: 800px) 100vw, 800px\" \/><\/div><\/div><\/div>\n<\/div><\/div>\n<\/div><\/p>\n","protected":false},"excerpt":{"rendered":"","protected":false},"author":2,"featured_media":0,"parent":0,"menu_order":0,"comment_status":"closed","ping_status":"closed","template":"","meta":{"_acf_changed":false,"footnotes":""},"class_list":["post-2481","page","type-page","status-publish","hentry"],"acf":[],"yoast_head":"<!-- This site is optimized with the Yoast SEO plugin v27.5 - https:\/\/yoast.com\/product\/yoast-seo-wordpress\/ -->\n<title>QUI SOM - Air Marine Int<\/title>\n<meta name=\"robots\" content=\"index, follow, max-snippet:-1, max-image-preview:large, max-video-preview:-1\" \/>\n<link rel=\"canonical\" href=\"https:\/\/air-marine-int.com\/ca\/qui-som\/\" \/>\n<meta property=\"og:locale\" content=\"ca_ES\" \/>\n<meta property=\"og:type\" content=\"article\" \/>\n<meta property=\"og:title\" content=\"QUI SOM - Air Marine Int\" \/>\n<meta property=\"og:url\" content=\"https:\/\/air-marine-int.com\/ca\/qui-som\/\" \/>\n<meta property=\"og:site_name\" content=\"Air Marine Int\" \/>\n<meta property=\"article:modified_time\" content=\"2025-10-09T14:13:06+00:00\" \/>\n<meta name=\"twitter:card\" content=\"summary_large_image\" \/>\n<meta name=\"twitter:label1\" content=\"Temps estimat de lectura\" \/>\n\t<meta name=\"twitter:data1\" content=\"5 minuts\" \/>\n<script type=\"application\/ld+json\" class=\"yoast-schema-graph\">{\"@context\":\"https:\\\/\\\/schema.org\",\"@graph\":[{\"@type\":\"WebPage\",\"@id\":\"https:\\\/\\\/air-marine-int.com\\\/ca\\\/qui-som\\\/\",\"url\":\"https:\\\/\\\/air-marine-int.com\\\/ca\\\/qui-som\\\/\",\"name\":\"QUI SOM - Air Marine Int\",\"isPartOf\":{\"@id\":\"https:\\\/\\\/air-marine-int.com\\\/ca\\\/#website\"},\"datePublished\":\"2022-05-30T10:31:39+00:00\",\"dateModified\":\"2025-10-09T14:13:06+00:00\",\"breadcrumb\":{\"@id\":\"https:\\\/\\\/air-marine-int.com\\\/ca\\\/qui-som\\\/#breadcrumb\"},\"inLanguage\":\"ca\",\"potentialAction\":[{\"@type\":\"ReadAction\",\"target\":[\"https:\\\/\\\/air-marine-int.com\\\/ca\\\/qui-som\\\/\"]}]},{\"@type\":\"BreadcrumbList\",\"@id\":\"https:\\\/\\\/air-marine-int.com\\\/ca\\\/qui-som\\\/#breadcrumb\",\"itemListElement\":[{\"@type\":\"ListItem\",\"position\":1,\"name\":\"Portada\",\"item\":\"https:\\\/\\\/air-marine-int.com\\\/ca\\\/home\\\/\"},{\"@type\":\"ListItem\",\"position\":2,\"name\":\"QUI SOM\"}]},{\"@type\":\"WebSite\",\"@id\":\"https:\\\/\\\/air-marine-int.com\\\/ca\\\/#website\",\"url\":\"https:\\\/\\\/air-marine-int.com\\\/ca\\\/\",\"name\":\"Air Marine Int\",\"description\":\"Just another WordPress site\",\"potentialAction\":[{\"@type\":\"SearchAction\",\"target\":{\"@type\":\"EntryPoint\",\"urlTemplate\":\"https:\\\/\\\/air-marine-int.com\\\/ca\\\/?s={search_term_string}\"},\"query-input\":{\"@type\":\"PropertyValueSpecification\",\"valueRequired\":true,\"valueName\":\"search_term_string\"}}],\"inLanguage\":\"ca\"}]}<\/script>\n<!-- \/ Yoast SEO plugin. -->","yoast_head_json":{"title":"QUI SOM - Air Marine Int","robots":{"index":"index","follow":"follow","max-snippet":"max-snippet:-1","max-image-preview":"max-image-preview:large","max-video-preview":"max-video-preview:-1"},"canonical":"https:\/\/air-marine-int.com\/ca\/qui-som\/","og_locale":"ca_ES","og_type":"article","og_title":"QUI SOM - Air Marine Int","og_url":"https:\/\/air-marine-int.com\/ca\/qui-som\/","og_site_name":"Air Marine Int","article_modified_time":"2025-10-09T14:13:06+00:00","twitter_card":"summary_large_image","twitter_misc":{"Temps estimat de lectura":"5 minuts"},"schema":{"@context":"https:\/\/schema.org","@graph":[{"@type":"WebPage","@id":"https:\/\/air-marine-int.com\/ca\/qui-som\/","url":"https:\/\/air-marine-int.com\/ca\/qui-som\/","name":"QUI SOM - Air Marine Int","isPartOf":{"@id":"https:\/\/air-marine-int.com\/ca\/#website"},"datePublished":"2022-05-30T10:31:39+00:00","dateModified":"2025-10-09T14:13:06+00:00","breadcrumb":{"@id":"https:\/\/air-marine-int.com\/ca\/qui-som\/#breadcrumb"},"inLanguage":"ca","potentialAction":[{"@type":"ReadAction","target":["https:\/\/air-marine-int.com\/ca\/qui-som\/"]}]},{"@type":"BreadcrumbList","@id":"https:\/\/air-marine-int.com\/ca\/qui-som\/#breadcrumb","itemListElement":[{"@type":"ListItem","position":1,"name":"Portada","item":"https:\/\/air-marine-int.com\/ca\/home\/"},{"@type":"ListItem","position":2,"name":"QUI SOM"}]},{"@type":"WebSite","@id":"https:\/\/air-marine-int.com\/ca\/#website","url":"https:\/\/air-marine-int.com\/ca\/","name":"Air Marine Int","description":"Just another WordPress site","potentialAction":[{"@type":"SearchAction","target":{"@type":"EntryPoint","urlTemplate":"https:\/\/air-marine-int.com\/ca\/?s={search_term_string}"},"query-input":{"@type":"PropertyValueSpecification","valueRequired":true,"valueName":"search_term_string"}}],"inLanguage":"ca"}]}},"_links":{"self":[{"href":"https:\/\/air-marine-int.com\/ca\/wp-json\/wp\/v2\/pages\/2481","targetHints":{"allow":["GET"]}}],"collection":[{"href":"https:\/\/air-marine-int.com\/ca\/wp-json\/wp\/v2\/pages"}],"about":[{"href":"https:\/\/air-marine-int.com\/ca\/wp-json\/wp\/v2\/types\/page"}],"author":[{"embeddable":true,"href":"https:\/\/air-marine-int.com\/ca\/wp-json\/wp\/v2\/users\/2"}],"replies":[{"embeddable":true,"href":"https:\/\/air-marine-int.com\/ca\/wp-json\/wp\/v2\/comments?post=2481"}],"version-history":[{"count":0,"href":"https:\/\/air-marine-int.com\/ca\/wp-json\/wp\/v2\/pages\/2481\/revisions"}],"wp:attachment":[{"href":"https:\/\/air-marine-int.com\/ca\/wp-json\/wp\/v2\/media?parent=2481"}],"curies":[{"name":"wp","href":"https:\/\/api.w.org\/{rel}","templated":true}]}}