{"id":2496,"date":"2022-06-14T14:18:40","date_gmt":"2022-06-14T14:18:40","guid":{"rendered":"https:\/\/air-marine-int.com\/serveis\/seafarers-medical-evacuation-treatment-and-repatriation\/"},"modified":"2025-10-10T08:23:11","modified_gmt":"2025-10-10T08:23:11","slug":"evacuacio-medica-tractament-i-repatriacio-de-persones-en-el-mar","status":"publish","type":"page","link":"https:\/\/air-marine-int.com\/ca\/serveis\/evacuacio-medica-tractament-i-repatriacio-de-persones-en-el-mar\/","title":{"rendered":"Evacuaci\u00f3 m\u00e8dica, tractament i repatriaci\u00f3 de persones en el mar"},"content":{"rendered":"<div id='av-layout-grid-1'  class='av-layout-grid-container av-av_layout_row-c44cf798658cb0f53c0de6369081d089 entry-content-wrapper main_color av-flex-cells  avia-builder-el-0  el_before_av_section  avia-builder-el-first   container_wrap fullsize'  >\n\n<style type=\"text\/css\" data-created_by=\"avia_inline_auto\" id=\"style-css-av-mgkkmryl-12df9117ded5307a1476fef2f4a366c0\">\n.flex_cell.av-mgkkmryl-12df9117ded5307a1476fef2f4a366c0{\nvertical-align:top;\nbackground-color:rgba(92,193,185,0.2);\n}\n<\/style>\n<div class='flex_cell av-mgkkmryl-12df9117ded5307a1476fef2f4a366c0 av-gridrow-cell av_two_fifth no_margin  avia-builder-el-1  el_before_av_cell_three_fifth  avia-builder-el-first  content-align-top'  ><div class='flex_cell_inner'>\n<style type=\"text\/css\" data-created_by=\"avia_inline_auto\" id=\"style-css-av-mgkkmcsv-198b6c09565791d69d7ecfdcd9926b47\">\n.avia-image-container.av-mgkkmcsv-198b6c09565791d69d7ecfdcd9926b47 img.avia_image{\nbox-shadow:none;\n}\n.avia-image-container.av-mgkkmcsv-198b6c09565791d69d7ecfdcd9926b47 .av-image-caption-overlay-center{\ncolor:#ffffff;\n}\n<\/style>\n<div  class='avia-image-container av-mgkkmcsv-198b6c09565791d69d7ecfdcd9926b47 av-styling- avia-align-center  avia-builder-el-2  avia-builder-el-no-sibling '   itemprop=\"image\" itemscope=\"itemscope\" itemtype=\"https:\/\/schema.org\/ImageObject\" ><div class=\"avia-image-container-inner\"><div class=\"avia-image-overlay-wrap\"><img decoding=\"async\" fetchpriority=\"high\" class='wp-image-3421 avia-img-lazy-loading-not-3421 avia_image ' src=\"https:\/\/air-marine-int.com\/wp-content\/uploads\/2025\/10\/FotoTitular-Marine-AirMarine.png\" alt='' title='FotoTitular-Marine-AirMarine'  height=\"800\" width=\"800\"  itemprop=\"thumbnailUrl\" srcset=\"https:\/\/air-marine-int.com\/wp-content\/uploads\/2025\/10\/FotoTitular-Marine-AirMarine.png 800w, https:\/\/air-marine-int.com\/wp-content\/uploads\/2025\/10\/FotoTitular-Marine-AirMarine-300x300.png 300w, https:\/\/air-marine-int.com\/wp-content\/uploads\/2025\/10\/FotoTitular-Marine-AirMarine-80x80.png 80w, https:\/\/air-marine-int.com\/wp-content\/uploads\/2025\/10\/FotoTitular-Marine-AirMarine-768x768.png 768w, https:\/\/air-marine-int.com\/wp-content\/uploads\/2025\/10\/FotoTitular-Marine-AirMarine-36x36.png 36w, https:\/\/air-marine-int.com\/wp-content\/uploads\/2025\/10\/FotoTitular-Marine-AirMarine-180x180.png 180w, https:\/\/air-marine-int.com\/wp-content\/uploads\/2025\/10\/FotoTitular-Marine-AirMarine-705x705.png 705w\" sizes=\"(max-width: 800px) 100vw, 800px\" \/><\/div><\/div><\/div>\n<\/div><\/div>\n<style type=\"text\/css\" data-created_by=\"avia_inline_auto\" id=\"style-css-av-mgkkmyd5-2e866dbbd1a8518a8c34e937aeeb61cd\">\n.flex_cell.av-mgkkmyd5-2e866dbbd1a8518a8c34e937aeeb61cd{\nvertical-align:middle;\nbackground-color:rgba(92,193,185,0.2);\n}\n<\/style>\n<div class='flex_cell av-mgkkmyd5-2e866dbbd1a8518a8c34e937aeeb61cd av-gridrow-cell av_three_fifth no_margin  avia-builder-el-3  el_after_av_cell_two_fifth  avia-builder-el-last  content-align-middle'  ><div class='flex_cell_inner'><div  class='flex_column av-344rnc-2ab19e012ebe8d52e0a75c818a4c629c av_one_full  avia-builder-el-4  avia-builder-el-no-sibling  first flex_column_div  '     ><style type=\"text\/css\" data-created_by=\"avia_inline_auto\" id=\"style-css-av-l4e8oxgp-20449e5505a3e44542d720351299949e\">\n#top .av_textblock_section.av-l4e8oxgp-20449e5505a3e44542d720351299949e .avia_textblock{\ncolor:#ffffff;\n}\n<\/style>\n<section  class='av_textblock_section av-l4e8oxgp-20449e5505a3e44542d720351299949e '   itemscope=\"itemscope\" itemtype=\"https:\/\/schema.org\/CreativeWork\" ><div class='avia_textblock av_inherit_color'  itemprop=\"text\" ><h1 style=\"text-align: center; font-size: 35pt; color: #5cc1b9;\">EVACUACI\u00d3 M\u00c8DICA, TRACTAMENT I REPATRIACI\u00d3 DE PERSONES EN EL MAR<\/h1>\n<\/div><\/section><br \/>\n<section  class='av_textblock_section av-2ldbag-0efa76931ca8c003a2808c7bb48af33e '   itemscope=\"itemscope\" itemtype=\"https:\/\/schema.org\/CreativeWork\" ><div class='avia_textblock'  itemprop=\"text\" ><h2 style=\"text-align: center; font-weight: 500;\">Aeromedical and Marine TRI SL.<\/h2>\n<\/div><\/section><br \/>\n<section  class='av_textblock_section av-2ckm20-8372a2d07d991f89ed601a1f9ad33207 '   itemscope=\"itemscope\" itemtype=\"https:\/\/schema.org\/CreativeWork\" ><div class='avia_textblock'  itemprop=\"text\" ><p style=\"text-align: center; font-size: 15pt;\">El nostre principal objectiu \u00e9s donar suport a les companyies navilieres en l&#8217;organitzaci\u00f3 de totes les activitats de salut relacionades amb la gesti\u00f3 ordin\u00e0ria, les emerg\u00e8ncies a bord o l&#8217;evacuaci\u00f3 de la tripulaci\u00f3, passatgers, t\u00e8cnics o visitants.<\/p>\n<\/div><\/section><\/p><\/div>\n<\/div><\/div>\n<\/div>\n<div id='av_section_1'  class='avia-section av-mgkkwttp-61997a78a4d2e795cf07158f56277570 main_color avia-section-default avia-no-border-styling  avia-builder-el-8  el_after_av_layout_row  el_before_av_section  av-small-hide av-mini-hide avia-bg-style-scroll container_wrap fullsize'  ><div class='container av-section-cont-open' ><div class='template-page content  av-content-full alpha units'><div class='post-entry post-entry-type-page post-entry-2496'><div class='entry-content-wrapper clearfix'>\n<div  class='flex_column av-1p8zz4-3bb152e20fdbbf42274c2ce3c362e249 av_one_full  avia-builder-el-9  avia-builder-el-no-sibling  first flex_column_div  '     ><style type=\"text\/css\" data-created_by=\"avia_inline_auto\" id=\"style-css-av-1mgvt4-c0eb8f4991e08b5e0dedbb1a3a449fe7\">\n#top .av_textblock_section.av-1mgvt4-c0eb8f4991e08b5e0dedbb1a3a449fe7 .avia_textblock{\nfont-size:15px;\n}\n<\/style>\n<section  class='av_textblock_section av-1mgvt4-c0eb8f4991e08b5e0dedbb1a3a449fe7 '   itemscope=\"itemscope\" itemtype=\"https:\/\/schema.org\/CreativeWork\" ><div class='avia_textblock'  itemprop=\"text\" ><blockquote>\n<p style=\"text-align: center;\">Experts a proporcionar atenci\u00f3 m\u00e8dica mar\u00edtima de manera r\u00e0pida i efectiva, independentment de quan o on sorgeixi l&#8217;emerg\u00e8ncia a Espanya i les seves illes.<\/p>\n<\/blockquote>\n<\/div><\/section><br \/>\n\n<style type=\"text\/css\" data-created_by=\"avia_inline_auto\" id=\"style-css-av-mgkkory0-d3279d2094d6db3266ddb855bc610c47\">\n#top .av_textblock_section.av-mgkkory0-d3279d2094d6db3266ddb855bc610c47 .avia_textblock{\ncolumn-count:2;\n}\n<\/style>\n<section  class='av_textblock_section av-mgkkory0-d3279d2094d6db3266ddb855bc610c47 '   itemscope=\"itemscope\" itemtype=\"https:\/\/schema.org\/CreativeWork\" ><div class='avia_textblock av_multi_colums'  itemprop=\"text\" ><p style=\"text-align: left;\">Com a experts m\u00e8dics mar\u00edtims, entenem que nom\u00e9s podem oferir un servei r\u00e0pid, \u00e0gil i flexible proporcionant consells i orientaci\u00f3 adequats per a la gesti\u00f3 m\u00e8dica.<\/p>\n<p style=\"text-align: left;\">Coneixem el mar i tenim una \u00e0mplia experi\u00e8ncia amb tota mena de tripulacions, per tant, podem entendre totes les circumst\u00e0ncies \u00faniques en qu\u00e8 poden viure i succeir.<\/p>\n<p style=\"text-align: left;\">Sabem l&#8217;estr\u00e8s i les tensions que comporta jugar un paper en aquesta ind\u00fastria.<\/p>\n<p style=\"text-align: left;\">Tots els nostres metges estan formats per atendre pacients en vaixells amarrats, ancorats o en navegaci\u00f3, dins dels l\u00edmits del port o en alta mar.<\/p>\n<p style=\"text-align: left;\">Aquest servei est\u00e0 disponible per a la ind\u00fastria naval.<\/p>\n<\/div><\/section><\/p><\/div>\n\n<\/div><\/div><\/div><!-- close content main div --><\/div><\/div><div id='av_section_2'  class='avia-section av-mgkkwz60-3a86f019846583ce4b49e6b3d151c12d main_color avia-section-default avia-no-border-styling  avia-builder-el-12  el_after_av_section  el_before_av_layout_row  av-desktop-hide av-medium-hide avia-bg-style-scroll container_wrap fullsize'  ><div class='container av-section-cont-open' ><div class='template-page content  av-content-full alpha units'><div class='post-entry post-entry-type-page post-entry-2496'><div class='entry-content-wrapper clearfix'>\n<div  class='flex_column av-av_one_full-a93934ecd89fbb8a9566d39e89cd3725 av_one_full  avia-builder-el-13  avia-builder-el-no-sibling  first flex_column_div  '     ><style type=\"text\/css\" data-created_by=\"avia_inline_auto\" id=\"style-css-av-av_textblock-c465668fa0053f51fab6f3506a8d5675\">\n#top .av_textblock_section.av-av_textblock-c465668fa0053f51fab6f3506a8d5675 .avia_textblock{\nfont-size:15px;\n}\n<\/style>\n<section  class='av_textblock_section av-av_textblock-c465668fa0053f51fab6f3506a8d5675 '   itemscope=\"itemscope\" itemtype=\"https:\/\/schema.org\/CreativeWork\" ><div class='avia_textblock'  itemprop=\"text\" ><blockquote>\n<p style=\"text-align: center;\">Experts a proporcionar atenci\u00f3 m\u00e8dica mar\u00edtima de manera r\u00e0pida i efectiva, independentment de quan o on sorgeixi l&#8217;emerg\u00e8ncia a Espanya i les seves illes.<\/p>\n<\/blockquote>\n<\/div><\/section><br \/>\n<section  class='av_textblock_section av-mgkkx3nn-78536498bde81cc5df079d5570cd5276 '   itemscope=\"itemscope\" itemtype=\"https:\/\/schema.org\/CreativeWork\" ><div class='avia_textblock'  itemprop=\"text\" ><p style=\"text-align: left;\">Com a experts m\u00e8dics mar\u00edtims, entenem que nom\u00e9s podem oferir un servei r\u00e0pid, \u00e0gil i flexible proporcionant consells i orientaci\u00f3 adequats per a la gesti\u00f3 m\u00e8dica.<\/p>\n<p style=\"text-align: left;\">Coneixem el mar i tenim una \u00e0mplia experi\u00e8ncia amb tota mena de tripulacions, per tant, podem entendre totes les circumst\u00e0ncies \u00faniques en qu\u00e8 poden viure i succeir.<\/p>\n<p style=\"text-align: left;\">Sabem l&#8217;estr\u00e8s i les tensions que comporta jugar un paper en aquesta ind\u00fastria.<\/p>\n<p style=\"text-align: left;\">Tots els nostres metges estan formats per atendre pacients en vaixells amarrats, ancorats o en navegaci\u00f3, dins dels l\u00edmits del port o en alta mar.<\/p>\n<p style=\"text-align: left;\">Aquest servei est\u00e0 disponible per a la ind\u00fastria naval.<\/p>\n<\/div><\/section><\/p><\/div><\/div><\/div><\/div><!-- close content main div --><\/div><\/div><div id='av-layout-grid-2'  class='av-layout-grid-container av-n6tl4-12443b4f04a63451b89a4d9e1e13b162 entry-content-wrapper main_color av-flex-cells  avia-builder-el-16  el_after_av_section  avia-builder-el-last  grid-row-not-first  container_wrap fullsize'  >\n<div class='flex_cell av-hh0mw-ca0e0da24d4bad70a21d28e3d4bc6f10 av-gridrow-cell av_one_full no_margin  avia-builder-el-17  avia-builder-el-no-sibling '  ><div class='flex_cell_inner'><p>\n<style type=\"text\/css\" data-created_by=\"avia_inline_auto\" id=\"style-css-av-l4e8xt8p-ead89e0174f3aea8b1e9a96d040c54e5\">\n.av-horizontal-gallery.av-l4e8xt8p-ead89e0174f3aea8b1e9a96d040c54e5{\npadding:3% 0px;;\n}\n.av-horizontal-gallery.av-l4e8xt8p-ead89e0174f3aea8b1e9a96d040c54e5 .av-horizontal-gallery-inner{\npadding-bottom:20%;\n}\n<\/style>\n<div  class='av-horizontal-gallery av-l4e8xt8p-ead89e0174f3aea8b1e9a96d040c54e5 av-horizontal-gallery-1px-gap av-horizontal-gallery-enlarge-effect  avia-builder-el-18  el_before_av_hr  avia-builder-el-first  av-slideshow-ui av-control-default av-slideshow-manual av-loop-once av-loop-manual-endless av-horizontal-gallery-1' data-slideshow-data=\"{&quot;enlarge&quot;:1.3,&quot;animation&quot;:&quot;slide&quot;,&quot;autoplay&quot;:false,&quot;loop_autoplay&quot;:&quot;once&quot;,&quot;interval&quot;:5,&quot;loop_manual&quot;:&quot;manual-endless&quot;,&quot;autoplay_stopper&quot;:false,&quot;noNavigation&quot;:false,&quot;bg_slider&quot;:false,&quot;keep_padding&quot;:&quot;&quot;,&quot;hoverpause&quot;:false,&quot;show_slide_delay&quot;:0,&quot;initial&quot;:&quot;3&quot;}\"  itemprop=\"image\" itemscope=\"itemscope\" itemtype=\"https:\/\/schema.org\/ImageObject\" ><div class='avia-slideshow-arrows avia-slideshow-controls' ><a href='#prev' class='prev-slide av-horizontal-gallery-prev avia-svg-icon avia-font-svg_entypo-fontello' data-av_svg_icon='left-open-big' data-av_iconset='svg_entypo-fontello' tabindex='-1' title=\"Anterior\"><svg version=\"1.1\" xmlns=\"http:\/\/www.w3.org\/2000\/svg\" width=\"15\" height=\"32\" viewBox=\"0 0 15 32\" preserveAspectRatio=\"xMidYMid meet\" aria-labelledby='av-svg-title-1' aria-describedby='av-svg-desc-1' role=\"graphics-symbol\" aria-hidden=\"true\">\n<title id='av-svg-title-1'>Anterior<\/title>\n<desc id='av-svg-desc-1'>Anterior<\/desc>\n<path d=\"M14.464 27.84q0.832 0.832 0 1.536-0.832 0.832-1.536 0l-12.544-12.608q-0.768-0.768 0-1.6l12.544-12.608q0.704-0.832 1.536 0 0.832 0.704 0 1.536l-11.456 11.904z\"><\/path>\n<\/svg><span class='avia_hidden_link_text'>Anterior<\/span><\/a><a href='#next' class='next-slide av-horizontal-gallery-next avia-svg-icon avia-font-svg_entypo-fontello' data-av_svg_icon='right-open-big' data-av_iconset='svg_entypo-fontello' tabindex='-1' title=\"Seg\u00fcent\"><svg version=\"1.1\" xmlns=\"http:\/\/www.w3.org\/2000\/svg\" width=\"15\" height=\"32\" viewBox=\"0 0 15 32\" preserveAspectRatio=\"xMidYMid meet\" aria-labelledby='av-svg-title-2' aria-describedby='av-svg-desc-2' role=\"graphics-symbol\" aria-hidden=\"true\">\n<title id='av-svg-title-2'>Seg\u00fcent<\/title>\n<desc id='av-svg-desc-2'>Seg\u00fcent<\/desc>\n<path d=\"M0.416 27.84l11.456-11.84-11.456-11.904q-0.832-0.832 0-1.536 0.832-0.832 1.536 0l12.544 12.608q0.768 0.832 0 1.6l-12.544 12.608q-0.704 0.832-1.536 0-0.832-0.704 0-1.536z\"><\/path>\n<\/svg><span class='avia_hidden_link_text'>Seg\u00fcent<\/span><\/a><\/div><div class='avia-slideshow-dots avia-slideshow-controls av-horizontal-gallery-dots fade-in'><a href='#1' class='goto-slide active' >1<\/a><a href='#2' class='goto-slide ' >2<\/a><a href='#3' class='goto-slide ' >3<\/a><a href='#4' class='goto-slide ' >4<\/a><a href='#5' class='goto-slide ' >5<\/a><a href='#6' class='goto-slide ' >6<\/a><a href='#7' class='goto-slide ' >7<\/a><a href='#8' class='goto-slide ' >8<\/a><a href='#9' class='goto-slide ' >9<\/a><a href='#10' class='goto-slide ' >10<\/a><a href='#11' class='goto-slide ' >11<\/a><\/div><div class='av-horizontal-gallery-inner' data-av-height='20'><div class=\"av-horizontal-gallery-slider\"><div class=\"av-horizontal-gallery-wrap noHover\"><img decoding=\"async\" fetchpriority=\"high\" class='wp-image-3450 avia-img-lazy-loading-not-3450 av-horizontal-gallery-img' width=\"2560\" height=\"1440\" src=\"https:\/\/air-marine-int.com\/wp-content\/uploads\/2025\/10\/0710807f-fb23-4cf8-967d-a8ce898d169a-1-scaled.jpg\" title='0710807f-fb23-4cf8-967d-a8ce898d169a' alt='' srcset=\"https:\/\/air-marine-int.com\/wp-content\/uploads\/2025\/10\/0710807f-fb23-4cf8-967d-a8ce898d169a-1-scaled.jpg 2560w, https:\/\/air-marine-int.com\/wp-content\/uploads\/2025\/10\/0710807f-fb23-4cf8-967d-a8ce898d169a-1-300x169.jpg 300w, https:\/\/air-marine-int.com\/wp-content\/uploads\/2025\/10\/0710807f-fb23-4cf8-967d-a8ce898d169a-1-1030x579.jpg 1030w, https:\/\/air-marine-int.com\/wp-content\/uploads\/2025\/10\/0710807f-fb23-4cf8-967d-a8ce898d169a-1-768x432.jpg 768w, https:\/\/air-marine-int.com\/wp-content\/uploads\/2025\/10\/0710807f-fb23-4cf8-967d-a8ce898d169a-1-1536x864.jpg 1536w, https:\/\/air-marine-int.com\/wp-content\/uploads\/2025\/10\/0710807f-fb23-4cf8-967d-a8ce898d169a-1-2048x1152.jpg 2048w, https:\/\/air-marine-int.com\/wp-content\/uploads\/2025\/10\/0710807f-fb23-4cf8-967d-a8ce898d169a-1-1500x844.jpg 1500w, https:\/\/air-marine-int.com\/wp-content\/uploads\/2025\/10\/0710807f-fb23-4cf8-967d-a8ce898d169a-1-705x397.jpg 705w\" sizes=\"(max-width: 2560px) 100vw, 2560px\" \/><\/div><div class=\"av-horizontal-gallery-wrap noHover\"><img decoding=\"async\" fetchpriority=\"high\" class='wp-image-3447 avia-img-lazy-loading-not-3447 av-horizontal-gallery-img' width=\"1200\" height=\"1600\" src=\"https:\/\/air-marine-int.com\/wp-content\/uploads\/2025\/10\/PHOTO-2025-01-24-13-23-57.jpg\" title='PHOTO-2025-01-24-13-23-57' alt='' srcset=\"https:\/\/air-marine-int.com\/wp-content\/uploads\/2025\/10\/PHOTO-2025-01-24-13-23-57.jpg 1200w, https:\/\/air-marine-int.com\/wp-content\/uploads\/2025\/10\/PHOTO-2025-01-24-13-23-57-225x300.jpg 225w, https:\/\/air-marine-int.com\/wp-content\/uploads\/2025\/10\/PHOTO-2025-01-24-13-23-57-773x1030.jpg 773w, https:\/\/air-marine-int.com\/wp-content\/uploads\/2025\/10\/PHOTO-2025-01-24-13-23-57-768x1024.jpg 768w, https:\/\/air-marine-int.com\/wp-content\/uploads\/2025\/10\/PHOTO-2025-01-24-13-23-57-1152x1536.jpg 1152w, https:\/\/air-marine-int.com\/wp-content\/uploads\/2025\/10\/PHOTO-2025-01-24-13-23-57-1125x1500.jpg 1125w, https:\/\/air-marine-int.com\/wp-content\/uploads\/2025\/10\/PHOTO-2025-01-24-13-23-57-529x705.jpg 529w\" sizes=\"(max-width: 1200px) 100vw, 1200px\" \/><\/div><div class=\"av-horizontal-gallery-wrap noHover\"><img decoding=\"async\" fetchpriority=\"high\" class='wp-image-465 avia-img-lazy-loading-not-465 av-horizontal-gallery-img' width=\"800\" height=\"800\" src=\"https:\/\/air-marine-int.com\/wp-content\/uploads\/2022\/06\/FotoMarine-6-MonicaFortea.jpg\" title='FotoMarine-6-MonicaFortea' alt='' srcset=\"https:\/\/air-marine-int.com\/wp-content\/uploads\/2022\/06\/FotoMarine-6-MonicaFortea.jpg 800w, https:\/\/air-marine-int.com\/wp-content\/uploads\/2022\/06\/FotoMarine-6-MonicaFortea-300x300.jpg 300w, https:\/\/air-marine-int.com\/wp-content\/uploads\/2022\/06\/FotoMarine-6-MonicaFortea-80x80.jpg 80w, https:\/\/air-marine-int.com\/wp-content\/uploads\/2022\/06\/FotoMarine-6-MonicaFortea-768x768.jpg 768w, https:\/\/air-marine-int.com\/wp-content\/uploads\/2022\/06\/FotoMarine-6-MonicaFortea-36x36.jpg 36w, https:\/\/air-marine-int.com\/wp-content\/uploads\/2022\/06\/FotoMarine-6-MonicaFortea-180x180.jpg 180w, https:\/\/air-marine-int.com\/wp-content\/uploads\/2022\/06\/FotoMarine-6-MonicaFortea-705x705.jpg 705w\" sizes=\"(max-width: 800px) 100vw, 800px\" \/><\/div><div class=\"av-horizontal-gallery-wrap noHover\"><img decoding=\"async\" fetchpriority=\"high\" class='wp-image-3438 avia-img-lazy-loading-not-3438 av-horizontal-gallery-img' width=\"960\" height=\"1280\" src=\"https:\/\/air-marine-int.com\/wp-content\/uploads\/2025\/10\/IMG-20250910-WA0074.jpg\" title='IMG-20250910-WA0074' alt='' srcset=\"https:\/\/air-marine-int.com\/wp-content\/uploads\/2025\/10\/IMG-20250910-WA0074.jpg 960w, https:\/\/air-marine-int.com\/wp-content\/uploads\/2025\/10\/IMG-20250910-WA0074-225x300.jpg 225w, https:\/\/air-marine-int.com\/wp-content\/uploads\/2025\/10\/IMG-20250910-WA0074-773x1030.jpg 773w, https:\/\/air-marine-int.com\/wp-content\/uploads\/2025\/10\/IMG-20250910-WA0074-768x1024.jpg 768w, https:\/\/air-marine-int.com\/wp-content\/uploads\/2025\/10\/IMG-20250910-WA0074-529x705.jpg 529w\" sizes=\"(max-width: 960px) 100vw, 960px\" \/><\/div><div class=\"av-horizontal-gallery-wrap noHover\"><img decoding=\"async\" fetchpriority=\"high\" class='wp-image-3429 avia-img-lazy-loading-not-3429 av-horizontal-gallery-img' width=\"686\" height=\"576\" src=\"https:\/\/air-marine-int.com\/wp-content\/uploads\/2025\/10\/IMG-20250910-WA0077.jpg\" title='IMG-20250910-WA0077' alt='' srcset=\"https:\/\/air-marine-int.com\/wp-content\/uploads\/2025\/10\/IMG-20250910-WA0077.jpg 686w, https:\/\/air-marine-int.com\/wp-content\/uploads\/2025\/10\/IMG-20250910-WA0077-300x252.jpg 300w\" sizes=\"(max-width: 686px) 100vw, 686px\" \/><\/div><div class=\"av-horizontal-gallery-wrap noHover\"><img decoding=\"async\" fetchpriority=\"high\" class='wp-image-3432 avia-img-lazy-loading-not-3432 av-horizontal-gallery-img' width=\"1600\" height=\"1200\" src=\"https:\/\/air-marine-int.com\/wp-content\/uploads\/2025\/10\/IMG-20250910-WA0076.jpg\" title='IMG-20250910-WA0076' alt='' srcset=\"https:\/\/air-marine-int.com\/wp-content\/uploads\/2025\/10\/IMG-20250910-WA0076.jpg 1600w, https:\/\/air-marine-int.com\/wp-content\/uploads\/2025\/10\/IMG-20250910-WA0076-300x225.jpg 300w, https:\/\/air-marine-int.com\/wp-content\/uploads\/2025\/10\/IMG-20250910-WA0076-1030x773.jpg 1030w, https:\/\/air-marine-int.com\/wp-content\/uploads\/2025\/10\/IMG-20250910-WA0076-768x576.jpg 768w, https:\/\/air-marine-int.com\/wp-content\/uploads\/2025\/10\/IMG-20250910-WA0076-1536x1152.jpg 1536w, https:\/\/air-marine-int.com\/wp-content\/uploads\/2025\/10\/IMG-20250910-WA0076-1500x1125.jpg 1500w, https:\/\/air-marine-int.com\/wp-content\/uploads\/2025\/10\/IMG-20250910-WA0076-705x529.jpg 705w\" sizes=\"(max-width: 1600px) 100vw, 1600px\" \/><\/div><div class=\"av-horizontal-gallery-wrap noHover\"><img decoding=\"async\" fetchpriority=\"high\" class='wp-image-662 avia-img-lazy-loading-not-662 av-horizontal-gallery-img' width=\"800\" height=\"800\" src=\"https:\/\/air-marine-int.com\/wp-content\/uploads\/2022\/06\/FotosServeis-MarineNova.jpg\" title='FotosServeis-MarineNova' alt='' srcset=\"https:\/\/air-marine-int.com\/wp-content\/uploads\/2022\/06\/FotosServeis-MarineNova.jpg 800w, https:\/\/air-marine-int.com\/wp-content\/uploads\/2022\/06\/FotosServeis-MarineNova-300x300.jpg 300w, https:\/\/air-marine-int.com\/wp-content\/uploads\/2022\/06\/FotosServeis-MarineNova-80x80.jpg 80w, https:\/\/air-marine-int.com\/wp-content\/uploads\/2022\/06\/FotosServeis-MarineNova-768x768.jpg 768w, https:\/\/air-marine-int.com\/wp-content\/uploads\/2022\/06\/FotosServeis-MarineNova-36x36.jpg 36w, https:\/\/air-marine-int.com\/wp-content\/uploads\/2022\/06\/FotosServeis-MarineNova-180x180.jpg 180w, https:\/\/air-marine-int.com\/wp-content\/uploads\/2022\/06\/FotosServeis-MarineNova-705x705.jpg 705w\" sizes=\"(max-width: 800px) 100vw, 800px\" \/><\/div><div class=\"av-horizontal-gallery-wrap noHover\"><img decoding=\"async\" fetchpriority=\"high\" class='wp-image-3435 avia-img-lazy-loading-not-3435 av-horizontal-gallery-img' width=\"1024\" height=\"576\" src=\"https:\/\/air-marine-int.com\/wp-content\/uploads\/2025\/10\/IMG-20250910-WA0075.jpg\" title='IMG-20250910-WA0075' alt='' srcset=\"https:\/\/air-marine-int.com\/wp-content\/uploads\/2025\/10\/IMG-20250910-WA0075.jpg 1024w, https:\/\/air-marine-int.com\/wp-content\/uploads\/2025\/10\/IMG-20250910-WA0075-300x169.jpg 300w, https:\/\/air-marine-int.com\/wp-content\/uploads\/2025\/10\/IMG-20250910-WA0075-768x432.jpg 768w, https:\/\/air-marine-int.com\/wp-content\/uploads\/2025\/10\/IMG-20250910-WA0075-705x397.jpg 705w\" sizes=\"(max-width: 1024px) 100vw, 1024px\" \/><\/div><div class=\"av-horizontal-gallery-wrap noHover\"><img decoding=\"async\" fetchpriority=\"high\" class='wp-image-3441 avia-img-lazy-loading-not-3441 av-horizontal-gallery-img' width=\"1200\" height=\"1600\" src=\"https:\/\/air-marine-int.com\/wp-content\/uploads\/2025\/10\/IMG-20250910-WA0073.jpg\" title='IMG-20250910-WA0073' alt='' srcset=\"https:\/\/air-marine-int.com\/wp-content\/uploads\/2025\/10\/IMG-20250910-WA0073.jpg 1200w, https:\/\/air-marine-int.com\/wp-content\/uploads\/2025\/10\/IMG-20250910-WA0073-225x300.jpg 225w, https:\/\/air-marine-int.com\/wp-content\/uploads\/2025\/10\/IMG-20250910-WA0073-773x1030.jpg 773w, https:\/\/air-marine-int.com\/wp-content\/uploads\/2025\/10\/IMG-20250910-WA0073-768x1024.jpg 768w, https:\/\/air-marine-int.com\/wp-content\/uploads\/2025\/10\/IMG-20250910-WA0073-1152x1536.jpg 1152w, https:\/\/air-marine-int.com\/wp-content\/uploads\/2025\/10\/IMG-20250910-WA0073-1125x1500.jpg 1125w, https:\/\/air-marine-int.com\/wp-content\/uploads\/2025\/10\/IMG-20250910-WA0073-529x705.jpg 529w\" sizes=\"(max-width: 1200px) 100vw, 1200px\" \/><\/div><div class=\"av-horizontal-gallery-wrap noHover\"><img decoding=\"async\" fetchpriority=\"high\" class='wp-image-3444 avia-img-lazy-loading-not-3444 av-horizontal-gallery-img' width=\"1600\" height=\"1200\" src=\"https:\/\/air-marine-int.com\/wp-content\/uploads\/2025\/10\/IMG-20250910-WA0072.jpg\" title='IMG-20250910-WA0072' alt='' srcset=\"https:\/\/air-marine-int.com\/wp-content\/uploads\/2025\/10\/IMG-20250910-WA0072.jpg 1600w, https:\/\/air-marine-int.com\/wp-content\/uploads\/2025\/10\/IMG-20250910-WA0072-300x225.jpg 300w, https:\/\/air-marine-int.com\/wp-content\/uploads\/2025\/10\/IMG-20250910-WA0072-1030x773.jpg 1030w, https:\/\/air-marine-int.com\/wp-content\/uploads\/2025\/10\/IMG-20250910-WA0072-768x576.jpg 768w, https:\/\/air-marine-int.com\/wp-content\/uploads\/2025\/10\/IMG-20250910-WA0072-1536x1152.jpg 1536w, https:\/\/air-marine-int.com\/wp-content\/uploads\/2025\/10\/IMG-20250910-WA0072-1500x1125.jpg 1500w, https:\/\/air-marine-int.com\/wp-content\/uploads\/2025\/10\/IMG-20250910-WA0072-705x529.jpg 705w\" sizes=\"(max-width: 1600px) 100vw, 1600px\" \/><\/div><div class=\"av-horizontal-gallery-wrap noHover\"><img decoding=\"async\" fetchpriority=\"high\" class='wp-image-456 avia-img-lazy-loading-not-456 av-horizontal-gallery-img' width=\"800\" height=\"800\" src=\"https:\/\/air-marine-int.com\/wp-content\/uploads\/2022\/06\/FotoMarine-3-MonicaFortea.jpg\" title='FotoMarine-3-MonicaFortea' alt='' srcset=\"https:\/\/air-marine-int.com\/wp-content\/uploads\/2022\/06\/FotoMarine-3-MonicaFortea.jpg 800w, https:\/\/air-marine-int.com\/wp-content\/uploads\/2022\/06\/FotoMarine-3-MonicaFortea-300x300.jpg 300w, https:\/\/air-marine-int.com\/wp-content\/uploads\/2022\/06\/FotoMarine-3-MonicaFortea-80x80.jpg 80w, https:\/\/air-marine-int.com\/wp-content\/uploads\/2022\/06\/FotoMarine-3-MonicaFortea-768x768.jpg 768w, https:\/\/air-marine-int.com\/wp-content\/uploads\/2022\/06\/FotoMarine-3-MonicaFortea-36x36.jpg 36w, https:\/\/air-marine-int.com\/wp-content\/uploads\/2022\/06\/FotoMarine-3-MonicaFortea-180x180.jpg 180w, https:\/\/air-marine-int.com\/wp-content\/uploads\/2022\/06\/FotoMarine-3-MonicaFortea-705x705.jpg 705w\" sizes=\"(max-width: 800px) 100vw, 800px\" \/><\/div><\/div><\/div><\/div><br \/>\n\n<style type=\"text\/css\" data-created_by=\"avia_inline_auto\" id=\"style-css-av-x93s-0a73f46a5332e14ef3563e50a218000d\">\n#top .hr.hr-invisible.av-x93s-0a73f46a5332e14ef3563e50a218000d{\nheight:50px;\n}\n<\/style>\n<div  class='hr av-x93s-0a73f46a5332e14ef3563e50a218000d hr-invisible  avia-builder-el-19  el_after_av_horizontal_gallery  avia-builder-el-no-sibling '><span class='hr-inner '><span class=\"hr-inner-style\"><\/span><\/span><\/div><\/p>\n<\/div><\/div><\/div><\/p>\n","protected":false},"excerpt":{"rendered":"","protected":false},"author":2,"featured_media":0,"parent":2489,"menu_order":0,"comment_status":"closed","ping_status":"closed","template":"","meta":{"_acf_changed":false,"footnotes":""},"class_list":["post-2496","page","type-page","status-publish","hentry"],"acf":[],"yoast_head":"<!-- This site is optimized with the Yoast SEO plugin v27.5 - https:\/\/yoast.com\/product\/yoast-seo-wordpress\/ -->\n<title>Evacuaci\u00f3 m\u00e8dica, tractament i repatriaci\u00f3 de persones en el mar - Air Marine Int<\/title>\n<meta name=\"robots\" content=\"index, follow, max-snippet:-1, max-image-preview:large, max-video-preview:-1\" \/>\n<link rel=\"canonical\" href=\"https:\/\/air-marine-int.com\/ca\/serveis\/evacuacio-medica-tractament-i-repatriacio-de-persones-en-el-mar\/\" \/>\n<meta property=\"og:locale\" content=\"ca_ES\" \/>\n<meta property=\"og:type\" content=\"article\" \/>\n<meta property=\"og:title\" content=\"Evacuaci\u00f3 m\u00e8dica, tractament i repatriaci\u00f3 de persones en el mar - Air Marine Int\" \/>\n<meta property=\"og:url\" content=\"https:\/\/air-marine-int.com\/ca\/serveis\/evacuacio-medica-tractament-i-repatriacio-de-persones-en-el-mar\/\" \/>\n<meta property=\"og:site_name\" content=\"Air Marine Int\" \/>\n<meta property=\"article:modified_time\" content=\"2025-10-10T08:23:11+00:00\" \/>\n<meta name=\"twitter:card\" content=\"summary_large_image\" \/>\n<meta name=\"twitter:label1\" content=\"Temps estimat de lectura\" \/>\n\t<meta name=\"twitter:data1\" content=\"4 minuts\" \/>\n<script type=\"application\/ld+json\" class=\"yoast-schema-graph\">{\"@context\":\"https:\\\/\\\/schema.org\",\"@graph\":[{\"@type\":\"WebPage\",\"@id\":\"https:\\\/\\\/air-marine-int.com\\\/ca\\\/serveis\\\/evacuacio-medica-tractament-i-repatriacio-de-persones-en-el-mar\\\/\",\"url\":\"https:\\\/\\\/air-marine-int.com\\\/ca\\\/serveis\\\/evacuacio-medica-tractament-i-repatriacio-de-persones-en-el-mar\\\/\",\"name\":\"Evacuaci\u00f3 m\u00e8dica, tractament i repatriaci\u00f3 de persones en el mar - Air Marine Int\",\"isPartOf\":{\"@id\":\"https:\\\/\\\/air-marine-int.com\\\/ca\\\/#website\"},\"datePublished\":\"2022-06-14T14:18:40+00:00\",\"dateModified\":\"2025-10-10T08:23:11+00:00\",\"breadcrumb\":{\"@id\":\"https:\\\/\\\/air-marine-int.com\\\/ca\\\/serveis\\\/evacuacio-medica-tractament-i-repatriacio-de-persones-en-el-mar\\\/#breadcrumb\"},\"inLanguage\":\"ca\",\"potentialAction\":[{\"@type\":\"ReadAction\",\"target\":[\"https:\\\/\\\/air-marine-int.com\\\/ca\\\/serveis\\\/evacuacio-medica-tractament-i-repatriacio-de-persones-en-el-mar\\\/\"]}]},{\"@type\":\"BreadcrumbList\",\"@id\":\"https:\\\/\\\/air-marine-int.com\\\/ca\\\/serveis\\\/evacuacio-medica-tractament-i-repatriacio-de-persones-en-el-mar\\\/#breadcrumb\",\"itemListElement\":[{\"@type\":\"ListItem\",\"position\":1,\"name\":\"Portada\",\"item\":\"https:\\\/\\\/air-marine-int.com\\\/ca\\\/home\\\/\"},{\"@type\":\"ListItem\",\"position\":2,\"name\":\"Serveis\",\"item\":\"https:\\\/\\\/air-marine-int.com\\\/ca\\\/serveis\\\/\"},{\"@type\":\"ListItem\",\"position\":3,\"name\":\"Evacuaci\u00f3 m\u00e8dica, tractament i repatriaci\u00f3 de persones en el mar\"}]},{\"@type\":\"WebSite\",\"@id\":\"https:\\\/\\\/air-marine-int.com\\\/ca\\\/#website\",\"url\":\"https:\\\/\\\/air-marine-int.com\\\/ca\\\/\",\"name\":\"Air Marine Int\",\"description\":\"Just another WordPress site\",\"potentialAction\":[{\"@type\":\"SearchAction\",\"target\":{\"@type\":\"EntryPoint\",\"urlTemplate\":\"https:\\\/\\\/air-marine-int.com\\\/ca\\\/?s={search_term_string}\"},\"query-input\":{\"@type\":\"PropertyValueSpecification\",\"valueRequired\":true,\"valueName\":\"search_term_string\"}}],\"inLanguage\":\"ca\"}]}<\/script>\n<!-- \/ Yoast SEO plugin. -->","yoast_head_json":{"title":"Evacuaci\u00f3 m\u00e8dica, tractament i repatriaci\u00f3 de persones en el mar - Air Marine Int","robots":{"index":"index","follow":"follow","max-snippet":"max-snippet:-1","max-image-preview":"max-image-preview:large","max-video-preview":"max-video-preview:-1"},"canonical":"https:\/\/air-marine-int.com\/ca\/serveis\/evacuacio-medica-tractament-i-repatriacio-de-persones-en-el-mar\/","og_locale":"ca_ES","og_type":"article","og_title":"Evacuaci\u00f3 m\u00e8dica, tractament i repatriaci\u00f3 de persones en el mar - Air Marine Int","og_url":"https:\/\/air-marine-int.com\/ca\/serveis\/evacuacio-medica-tractament-i-repatriacio-de-persones-en-el-mar\/","og_site_name":"Air Marine Int","article_modified_time":"2025-10-10T08:23:11+00:00","twitter_card":"summary_large_image","twitter_misc":{"Temps estimat de lectura":"4 minuts"},"schema":{"@context":"https:\/\/schema.org","@graph":[{"@type":"WebPage","@id":"https:\/\/air-marine-int.com\/ca\/serveis\/evacuacio-medica-tractament-i-repatriacio-de-persones-en-el-mar\/","url":"https:\/\/air-marine-int.com\/ca\/serveis\/evacuacio-medica-tractament-i-repatriacio-de-persones-en-el-mar\/","name":"Evacuaci\u00f3 m\u00e8dica, tractament i repatriaci\u00f3 de persones en el mar - Air Marine Int","isPartOf":{"@id":"https:\/\/air-marine-int.com\/ca\/#website"},"datePublished":"2022-06-14T14:18:40+00:00","dateModified":"2025-10-10T08:23:11+00:00","breadcrumb":{"@id":"https:\/\/air-marine-int.com\/ca\/serveis\/evacuacio-medica-tractament-i-repatriacio-de-persones-en-el-mar\/#breadcrumb"},"inLanguage":"ca","potentialAction":[{"@type":"ReadAction","target":["https:\/\/air-marine-int.com\/ca\/serveis\/evacuacio-medica-tractament-i-repatriacio-de-persones-en-el-mar\/"]}]},{"@type":"BreadcrumbList","@id":"https:\/\/air-marine-int.com\/ca\/serveis\/evacuacio-medica-tractament-i-repatriacio-de-persones-en-el-mar\/#breadcrumb","itemListElement":[{"@type":"ListItem","position":1,"name":"Portada","item":"https:\/\/air-marine-int.com\/ca\/home\/"},{"@type":"ListItem","position":2,"name":"Serveis","item":"https:\/\/air-marine-int.com\/ca\/serveis\/"},{"@type":"ListItem","position":3,"name":"Evacuaci\u00f3 m\u00e8dica, tractament i repatriaci\u00f3 de persones en el mar"}]},{"@type":"WebSite","@id":"https:\/\/air-marine-int.com\/ca\/#website","url":"https:\/\/air-marine-int.com\/ca\/","name":"Air Marine Int","description":"Just another WordPress site","potentialAction":[{"@type":"SearchAction","target":{"@type":"EntryPoint","urlTemplate":"https:\/\/air-marine-int.com\/ca\/?s={search_term_string}"},"query-input":{"@type":"PropertyValueSpecification","valueRequired":true,"valueName":"search_term_string"}}],"inLanguage":"ca"}]}},"_links":{"self":[{"href":"https:\/\/air-marine-int.com\/ca\/wp-json\/wp\/v2\/pages\/2496","targetHints":{"allow":["GET"]}}],"collection":[{"href":"https:\/\/air-marine-int.com\/ca\/wp-json\/wp\/v2\/pages"}],"about":[{"href":"https:\/\/air-marine-int.com\/ca\/wp-json\/wp\/v2\/types\/page"}],"author":[{"embeddable":true,"href":"https:\/\/air-marine-int.com\/ca\/wp-json\/wp\/v2\/users\/2"}],"replies":[{"embeddable":true,"href":"https:\/\/air-marine-int.com\/ca\/wp-json\/wp\/v2\/comments?post=2496"}],"version-history":[{"count":0,"href":"https:\/\/air-marine-int.com\/ca\/wp-json\/wp\/v2\/pages\/2496\/revisions"}],"up":[{"embeddable":true,"href":"https:\/\/air-marine-int.com\/ca\/wp-json\/wp\/v2\/pages\/2489"}],"wp:attachment":[{"href":"https:\/\/air-marine-int.com\/ca\/wp-json\/wp\/v2\/media?parent=2496"}],"curies":[{"name":"wp","href":"https:\/\/api.w.org\/{rel}","templated":true}]}}